{"id":340,"date":"2022-10-02T18:01:27","date_gmt":"2022-10-02T16:01:27","guid":{"rendered":"http:\/\/51.178.39.65\/?page_id=340"},"modified":"2022-10-02T18:51:53","modified_gmt":"2022-10-02T16:51:53","slug":"soins-et-accompagnement","status":"publish","type":"page","link":"https:\/\/douceuraunaturel.com\/index.php\/soins-et-accompagnement\/","title":{"rendered":"SOINS ET ACCOMPAGNEMENT"},"content":{"rendered":"\n<p>L&rsquo;accompagnement est pour toute personne qui ressent le besoin de donner un sens \u00e0 sa vie et de se LIB\u00c9RER &#8230;<\/p>\n\n\n\n<div class=\"wp-block-group is-vertical is-layout-flex wp-container-core-group-is-layout-8cf370e7 wp-block-group-is-layout-flex\">\n<p>&nbsp; &nbsp; &nbsp; &nbsp; &nbsp; &nbsp;&#8211;&nbsp; D\u00e9pression<\/p>\n\n\n\n<p>&nbsp; &nbsp; &nbsp; &nbsp; &nbsp; &nbsp; &#8211; Sch\u00e9ma r\u00e9p\u00e9titif&nbsp;<\/p>\n\n\n\n<p>&nbsp; &nbsp; &nbsp; &nbsp; &nbsp; &nbsp;&#8211; Peur, angoisse, insomnie&nbsp;<\/p>\n\n\n\n<p>&nbsp; &nbsp; &nbsp; &nbsp; &nbsp; &nbsp;&#8211; Blocages \u00e9motionnels&nbsp;<\/p>\n\n\n\n<p>&nbsp; &nbsp; &nbsp; &nbsp; &nbsp; &nbsp;&#8211; Manque de confiance en soi&nbsp;<\/p>\n\n\n\n<p>&nbsp; &nbsp; &nbsp; &nbsp; &nbsp; &nbsp;&#8211; Phobie, deuil, s\u00e9paration&nbsp;<\/p>\n\n\n\n<p>&nbsp; &nbsp; &nbsp; &nbsp; &nbsp; &nbsp;&#8211; Pathologie physique (maladie, douleurs, fatigue chronique &#8230;)<\/p>\n\n\n\n<p>&nbsp; &nbsp; &nbsp; &nbsp; &nbsp; &nbsp;&#8211; \u00c9v\u00e9nement pass\u00e9 douloureux &#8230;&nbsp;<\/p>\n<\/div>\n\n\n\n<div class=\"wp-block-query is-layout-flow wp-block-query-is-layout-flow\"><ul class=\"wp-block-post-template is-layout-flow wp-block-post-template-is-layout-flow\"><li class=\"wp-block-post post-528 page type-page status-publish hentry\">\n\n<div class=\"wp-block-columns alignwide is-layout-flex wp-container-core-columns-is-layout-9d6595d7 wp-block-columns-is-layout-flex\">\n<div class=\"wp-block-column is-layout-flow wp-block-column-is-layout-flow\" style=\"flex-basis:66.66%\"><\/div>\n\n\n\n<div class=\"wp-block-column is-layout-flow wp-block-column-is-layout-flow\" style=\"flex-basis:33.33%\"><h2 class=\"wp-block-post-title\"><a href=\"https:\/\/douceuraunaturel.com\/index.php\/les-formules-2\/\" target=\"_self\" >Les formules<\/a><\/h2>\n\n<div class=\"wp-block-post-excerpt\"><p class=\"wp-block-post-excerpt__excerpt\"> <\/p><\/div><\/div>\n<\/div>\n\n<\/li><li class=\"wp-block-post post-527 page type-page status-publish hentry\">\n\n<div class=\"wp-block-columns alignwide is-layout-flex wp-container-core-columns-is-layout-9d6595d7 wp-block-columns-is-layout-flex\">\n<div class=\"wp-block-column is-layout-flow wp-block-column-is-layout-flow\" style=\"flex-basis:66.66%\"><\/div>\n\n\n\n<div class=\"wp-block-column is-layout-flow wp-block-column-is-layout-flow\" style=\"flex-basis:33.33%\"><h2 class=\"wp-block-post-title\"><a href=\"https:\/\/douceuraunaturel.com\/index.php\/les-formules\/\" target=\"_self\" >Les formules<\/a><\/h2>\n\n<div class=\"wp-block-post-excerpt\"><p class=\"wp-block-post-excerpt__excerpt\"> <\/p><\/div><\/div>\n<\/div>\n\n<\/li><li class=\"wp-block-post post-515 page type-page status-publish hentry\">\n\n<div class=\"wp-block-columns alignwide is-layout-flex wp-container-core-columns-is-layout-9d6595d7 wp-block-columns-is-layout-flex\">\n<div class=\"wp-block-column is-layout-flow wp-block-column-is-layout-flow\" style=\"flex-basis:66.66%\"><\/div>\n\n\n\n<div class=\"wp-block-column is-layout-flow wp-block-column-is-layout-flow\" style=\"flex-basis:33.33%\"><h2 class=\"wp-block-post-title\"><a href=\"https:\/\/douceuraunaturel.com\/index.php\/massage-memoire-cellulaire-acces-bars\/\" target=\"_self\" >Massage m\u00e9moire cellulaire + acc\u00e8s bars<\/a><\/h2>\n\n<div class=\"wp-block-post-excerpt\"><p class=\"wp-block-post-excerpt__excerpt\">Prix : 85\u20ac pour 01h45 Lib\u00e9rer le corps et le mental de toute r\u00e9sistances et blocages conscient et inconscient. L\u2019Access Bars est un ensemble d&rsquo;outils &hellip; <\/p><\/div><\/div>\n<\/div>\n\n<\/li><li class=\"wp-block-post post-510 page type-page status-publish hentry\">\n\n<div class=\"wp-block-columns alignwide is-layout-flex wp-container-core-columns-is-layout-9d6595d7 wp-block-columns-is-layout-flex\">\n<div class=\"wp-block-column is-layout-flow wp-block-column-is-layout-flow\" style=\"flex-basis:66.66%\"><\/div>\n\n\n\n<div class=\"wp-block-column is-layout-flow wp-block-column-is-layout-flow\" style=\"flex-basis:33.33%\"><h2 class=\"wp-block-post-title\"><a href=\"https:\/\/douceuraunaturel.com\/index.php\/reflexologie-plantaire-massage-dos\/\" target=\"_self\" >R\u00e9flexologie plantaire + massage dos<\/a><\/h2>\n\n<div class=\"wp-block-post-excerpt\"><p class=\"wp-block-post-excerpt__excerpt\">Prix : 75\u20ac pour 01h15 Massage dos de 30 minutes suivi d&rsquo;une r\u00e9flexologie plantaire durant 45 minutes. L&rsquo;int\u00e9r\u00eat principal de la r\u00e9flexologie est qu&rsquo;elle\u00a0permet d&rsquo;activer &hellip; <\/p><\/div><\/div>\n<\/div>\n\n<\/li><li class=\"wp-block-post post-476 page type-page status-publish has-post-thumbnail hentry\">\n\n<div class=\"wp-block-columns alignwide is-layout-flex wp-container-core-columns-is-layout-9d6595d7 wp-block-columns-is-layout-flex\">\n<div class=\"wp-block-column is-layout-flow wp-block-column-is-layout-flow\" style=\"flex-basis:66.66%\"><figure class=\"wp-block-post-featured-image\"><a href=\"https:\/\/douceuraunaturel.com\/index.php\/massages\/reflexologie-plantaire-de-bien-etre\/\" target=\"_self\"  ><img loading=\"lazy\" decoding=\"async\" width=\"498\" height=\"329\" src=\"https:\/\/douceuraunaturel.com\/wp-content\/uploads\/2023\/04\/photo-reflexo.png\" class=\"attachment-post-thumbnail size-post-thumbnail wp-post-image\" alt=\"R\u00e9flexologie plantaire\" style=\"object-fit:cover;\" srcset=\"https:\/\/douceuraunaturel.com\/wp-content\/uploads\/2023\/04\/photo-reflexo.png 498w, https:\/\/douceuraunaturel.com\/wp-content\/uploads\/2023\/04\/photo-reflexo-300x198.png 300w, https:\/\/douceuraunaturel.com\/wp-content\/uploads\/2023\/04\/photo-reflexo-91x60.png 91w\" sizes=\"auto, (max-width: 498px) 100vw, 498px\" \/><\/a><\/figure><\/div>\n\n\n\n<div class=\"wp-block-column is-layout-flow wp-block-column-is-layout-flow\" style=\"flex-basis:33.33%\"><h2 class=\"wp-block-post-title\"><a href=\"https:\/\/douceuraunaturel.com\/index.php\/massages\/reflexologie-plantaire-de-bien-etre\/\" target=\"_self\" >R\u00e9flexologie plantaire<\/a><\/h2>\n\n<div class=\"wp-block-post-excerpt\"><p class=\"wp-block-post-excerpt__excerpt\">Prix\u00a0:\u00a060\u00a0\u20ac\u00a0\/ Dur\u00e9e\u00a0:\u00a060 minutes L&rsquo;int\u00e9r\u00eat principal de la r\u00e9flexologie est qu&rsquo;elle&nbsp;permet d&rsquo;activer le processus d&rsquo;autogu\u00e9rison et de r\u00e9\u00e9quilibration du corps. La r\u00e9flexologie permet notamment de drainer &hellip; <\/p><\/div><\/div>\n<\/div>\n\n<\/li><li class=\"wp-block-post post-472 page type-page status-publish has-post-thumbnail hentry\">\n\n<div class=\"wp-block-columns alignwide is-layout-flex wp-container-core-columns-is-layout-9d6595d7 wp-block-columns-is-layout-flex\">\n<div class=\"wp-block-column is-layout-flow wp-block-column-is-layout-flow\" style=\"flex-basis:66.66%\"><figure class=\"wp-block-post-featured-image\"><a href=\"https:\/\/douceuraunaturel.com\/index.php\/soins-et-accompagnement\/access-bars\/\" target=\"_self\"  ><img loading=\"lazy\" decoding=\"async\" width=\"800\" height=\"563\" src=\"https:\/\/douceuraunaturel.com\/wp-content\/uploads\/2023\/04\/cartographie-32-points-tete-methode-access-bars.jpg\" class=\"attachment-post-thumbnail size-post-thumbnail wp-post-image\" alt=\"ACCESS BARS\" style=\"object-fit:cover;\" srcset=\"https:\/\/douceuraunaturel.com\/wp-content\/uploads\/2023\/04\/cartographie-32-points-tete-methode-access-bars.jpg 800w, https:\/\/douceuraunaturel.com\/wp-content\/uploads\/2023\/04\/cartographie-32-points-tete-methode-access-bars-300x211.jpg 300w, https:\/\/douceuraunaturel.com\/wp-content\/uploads\/2023\/04\/cartographie-32-points-tete-methode-access-bars-768x540.jpg 768w, https:\/\/douceuraunaturel.com\/wp-content\/uploads\/2023\/04\/cartographie-32-points-tete-methode-access-bars-85x60.jpg 85w\" sizes=\"auto, (max-width: 800px) 100vw, 800px\" \/><\/a><\/figure><\/div>\n\n\n\n<div class=\"wp-block-column is-layout-flow wp-block-column-is-layout-flow\" style=\"flex-basis:33.33%\"><h2 class=\"wp-block-post-title\"><a href=\"https:\/\/douceuraunaturel.com\/index.php\/soins-et-accompagnement\/access-bars\/\" target=\"_self\" >ACCESS BARS<\/a><\/h2>\n\n<div class=\"wp-block-post-excerpt\"><p class=\"wp-block-post-excerpt__excerpt\">Prix\u00a0:\u00a050\u00a0\u20ac\u00a0\/ Dur\u00e9e\u00a0:\u00a060 minutes L&rsquo;access bars est un ensemble d\u2019outils et de processus qui ont pour objectif de d\u00e9velopper une plus grande capacit\u00e9 d\u2019ouverture de sa &hellip; <\/p><\/div><\/div>\n<\/div>\n\n<\/li><li class=\"wp-block-post post-379 page type-page status-publish has-post-thumbnail hentry\">\n\n<div class=\"wp-block-columns alignwide is-layout-flex wp-container-core-columns-is-layout-9d6595d7 wp-block-columns-is-layout-flex\">\n<div class=\"wp-block-column is-layout-flow wp-block-column-is-layout-flow\" style=\"flex-basis:66.66%\"><figure class=\"wp-block-post-featured-image\"><a href=\"https:\/\/douceuraunaturel.com\/index.php\/soins-et-accompagnement\/eft-liberation-emotionnelle\/\" target=\"_self\"  ><img loading=\"lazy\" decoding=\"async\" width=\"562\" height=\"626\" src=\"https:\/\/douceuraunaturel.com\/wp-content\/uploads\/2022\/10\/eft-pour-les-enfants--e1664728797214.jpeg\" class=\"attachment-post-thumbnail size-post-thumbnail wp-post-image\" alt=\"EFT LIB\u00c9RATION \u00c9MOTIONNELLE\" style=\"object-fit:cover;\" srcset=\"https:\/\/douceuraunaturel.com\/wp-content\/uploads\/2022\/10\/eft-pour-les-enfants--e1664728797214.jpeg 562w, https:\/\/douceuraunaturel.com\/wp-content\/uploads\/2022\/10\/eft-pour-les-enfants--e1664728797214-269x300.jpeg 269w, https:\/\/douceuraunaturel.com\/wp-content\/uploads\/2022\/10\/eft-pour-les-enfants--e1664728797214-54x60.jpeg 54w, https:\/\/douceuraunaturel.com\/wp-content\/uploads\/2022\/10\/eft-pour-les-enfants--e1664728797214-270x300.jpeg 270w\" sizes=\"auto, (max-width: 562px) 100vw, 562px\" \/><\/a><\/figure><\/div>\n\n\n\n<div class=\"wp-block-column is-layout-flow wp-block-column-is-layout-flow\" style=\"flex-basis:33.33%\"><h2 class=\"wp-block-post-title\"><a href=\"https:\/\/douceuraunaturel.com\/index.php\/soins-et-accompagnement\/eft-liberation-emotionnelle\/\" target=\"_self\" >EFT LIB\u00c9RATION \u00c9MOTIONNELLE<\/a><\/h2>\n\n<div class=\"wp-block-post-excerpt\"><p class=\"wp-block-post-excerpt__excerpt\">Prix\u00a0:\u00a055\u00a0\u20ac\u00a0\/ Dur\u00e9e\u00a0:\u00a060 minutes L&rsquo;Emotional Freedom Techniques, abr\u00e9g\u00e9e en EFT, repr\u00e9sente une pratique psycho-corporelle fond\u00e9e aux \u00c9tats-Unis en 1995 par un ing\u00e9nieur am\u00e9ricain du nom de &hellip; <\/p><\/div><\/div>\n<\/div>\n\n<\/li><li class=\"wp-block-post post-376 page type-page status-publish has-post-thumbnail hentry\">\n\n<div class=\"wp-block-columns alignwide is-layout-flex wp-container-core-columns-is-layout-9d6595d7 wp-block-columns-is-layout-flex\">\n<div class=\"wp-block-column is-layout-flow wp-block-column-is-layout-flow\" style=\"flex-basis:66.66%\"><figure class=\"wp-block-post-featured-image\"><a href=\"https:\/\/douceuraunaturel.com\/index.php\/soins-et-accompagnement\/soin-reiki\/\" target=\"_self\"  ><img loading=\"lazy\" decoding=\"async\" width=\"498\" height=\"330\" src=\"https:\/\/douceuraunaturel.com\/wp-content\/uploads\/2022\/10\/soin-reiki-e1664729076966.jpeg\" class=\"attachment-post-thumbnail size-post-thumbnail wp-post-image\" alt=\"SOIN REIKI\" style=\"object-fit:cover;\" srcset=\"https:\/\/douceuraunaturel.com\/wp-content\/uploads\/2022\/10\/soin-reiki-e1664729076966.jpeg 498w, https:\/\/douceuraunaturel.com\/wp-content\/uploads\/2022\/10\/soin-reiki-e1664729076966-300x199.jpeg 300w, https:\/\/douceuraunaturel.com\/wp-content\/uploads\/2022\/10\/soin-reiki-e1664729076966-91x60.jpeg 91w\" sizes=\"auto, (max-width: 498px) 100vw, 498px\" \/><\/a><\/figure><\/div>\n\n\n\n<div class=\"wp-block-column is-layout-flow wp-block-column-is-layout-flow\" style=\"flex-basis:33.33%\"><h2 class=\"wp-block-post-title\"><a href=\"https:\/\/douceuraunaturel.com\/index.php\/soins-et-accompagnement\/soin-reiki\/\" target=\"_self\" >SOIN REIKI<\/a><\/h2>\n\n<div class=\"wp-block-post-excerpt\"><p class=\"wp-block-post-excerpt__excerpt\">Prix\u00a0:\u00a045\u20ac &#8211; 60\u00a0\u20ac\u00a0\/ Dur\u00e9e\u00a0:\u00a045min &#8211; 60 minutes Le Reiki est une \u00e9nergie naturelle transmise par imposition des mains . Le Reiki: Renforce et acc\u00e9l\u00e8re le &hellip; <\/p><\/div><\/div>\n<\/div>\n\n<\/li><li class=\"wp-block-post post-373 page type-page status-publish has-post-thumbnail hentry\">\n\n<div class=\"wp-block-columns alignwide is-layout-flex wp-container-core-columns-is-layout-9d6595d7 wp-block-columns-is-layout-flex\">\n<div class=\"wp-block-column is-layout-flow wp-block-column-is-layout-flow\" style=\"flex-basis:66.66%\"><figure class=\"wp-block-post-featured-image\"><a href=\"https:\/\/douceuraunaturel.com\/index.php\/soins-et-accompagnement\/soin-liberation-memoire-cellulaire\/\" target=\"_self\"  ><img loading=\"lazy\" decoding=\"async\" width=\"468\" height=\"260\" src=\"https:\/\/douceuraunaturel.com\/wp-content\/uploads\/2022\/10\/soin-liberation-memoire-cellulaire--e1664728961179.jpeg\" class=\"attachment-post-thumbnail size-post-thumbnail wp-post-image\" alt=\"SOIN LIB\u00c9RATION M\u00c9MOIRE CELLULAIRE\" style=\"object-fit:cover;\" srcset=\"https:\/\/douceuraunaturel.com\/wp-content\/uploads\/2022\/10\/soin-liberation-memoire-cellulaire--e1664728961179.jpeg 468w, https:\/\/douceuraunaturel.com\/wp-content\/uploads\/2022\/10\/soin-liberation-memoire-cellulaire--e1664728961179-300x167.jpeg 300w, https:\/\/douceuraunaturel.com\/wp-content\/uploads\/2022\/10\/soin-liberation-memoire-cellulaire--e1664728961179-108x60.jpeg 108w\" sizes=\"auto, (max-width: 468px) 100vw, 468px\" \/><\/a><\/figure><\/div>\n\n\n\n<div class=\"wp-block-column is-layout-flow wp-block-column-is-layout-flow\" style=\"flex-basis:33.33%\"><h2 class=\"wp-block-post-title\"><a href=\"https:\/\/douceuraunaturel.com\/index.php\/soins-et-accompagnement\/soin-liberation-memoire-cellulaire\/\" target=\"_self\" >SOIN LIB\u00c9RATION M\u00c9MOIRE CELLULAIRE<\/a><\/h2>\n\n<div class=\"wp-block-post-excerpt\"><p class=\"wp-block-post-excerpt__excerpt\">Prix\u00a0:\u00a060\u00a0\u20ac\u00a0\/ Dur\u00e9e\u00a0:\u00a075 minutes Ce soin vous aidera \u00e0 \u00eatre libre ! D\u00e9programmation des m\u00e9moires ancr\u00e9es et enregistr\u00e9es dans vos cellules, des blocages li\u00e9s \u00e0 des &hellip; <\/p><\/div><\/div>\n<\/div>\n\n<\/li><\/ul><\/div>\n","protected":false},"excerpt":{"rendered":"<p>L&rsquo;accompagnement est pour toute personne qui ressent le besoin de donner un sens \u00e0 sa vie et de se LIB\u00c9RER &#8230; &nbsp; &nbsp; &nbsp; &nbsp; &hellip; <\/p>\n","protected":false},"author":1,"featured_media":0,"parent":0,"menu_order":0,"comment_status":"closed","ping_status":"closed","template":"","meta":{"footnotes":""},"class_list":["post-340","page","type-page","status-publish","hentry"],"_links":{"self":[{"href":"https:\/\/douceuraunaturel.com\/index.php\/wp-json\/wp\/v2\/pages\/340","targetHints":{"allow":["GET"]}}],"collection":[{"href":"https:\/\/douceuraunaturel.com\/index.php\/wp-json\/wp\/v2\/pages"}],"about":[{"href":"https:\/\/douceuraunaturel.com\/index.php\/wp-json\/wp\/v2\/types\/page"}],"author":[{"embeddable":true,"href":"https:\/\/douceuraunaturel.com\/index.php\/wp-json\/wp\/v2\/users\/1"}],"replies":[{"embeddable":true,"href":"https:\/\/douceuraunaturel.com\/index.php\/wp-json\/wp\/v2\/comments?post=340"}],"version-history":[{"count":4,"href":"https:\/\/douceuraunaturel.com\/index.php\/wp-json\/wp\/v2\/pages\/340\/revisions"}],"predecessor-version":[{"id":386,"href":"https:\/\/douceuraunaturel.com\/index.php\/wp-json\/wp\/v2\/pages\/340\/revisions\/386"}],"wp:attachment":[{"href":"https:\/\/douceuraunaturel.com\/index.php\/wp-json\/wp\/v2\/media?parent=340"}],"curies":[{"name":"wp","href":"https:\/\/api.w.org\/{rel}","templated":true}]}}